{"id":215,"date":"2020-10-29T16:33:29","date_gmt":"2020-10-29T16:33:29","guid":{"rendered":"https:\/\/dev.auxiliavalencia.es\/?page_id=215"},"modified":"2022-11-24T12:23:06","modified_gmt":"2022-11-24T12:23:06","slug":"foros","status":"publish","type":"page","link":"https:\/\/auxiliavalencia.es\/va\/foros","title":{"rendered":"F\u00f2rums"},"content":{"rendered":"<div data-elementor-type=\"wp-page\" data-elementor-id=\"215\" class=\"elementor elementor-215\" data-elementor-post-type=\"page\">\n\t\t\t\t\t\t<section class=\"elementor-section elementor-top-section elementor-element elementor-element-6bc7e07d elementor-section-boxed elementor-section-height-default elementor-section-height-default\" data-id=\"6bc7e07d\" data-element_type=\"section\">\n\t\t\t\t\t\t<div class=\"elementor-container elementor-column-gap-default\">\n\t\t\t\t\t<div class=\"elementor-column elementor-col-16 elementor-top-column elementor-element elementor-element-42450799\" data-id=\"42450799\" data-element_type=\"column\">\n\t\t\t<div class=\"elementor-widget-wrap\">\n\t\t\t\t\t\t\t<\/div>\n\t\t<\/div>\n\t\t\t\t<div class=\"elementor-column elementor-col-66 elementor-top-column elementor-element elementor-element-19850ef6\" data-id=\"19850ef6\" data-element_type=\"column\">\n\t\t\t<div class=\"elementor-widget-wrap elementor-element-populated\">\n\t\t\t\t\t\t<div class=\"elementor-element elementor-element-77008ceb elementor-widget elementor-widget-text-editor\" data-id=\"77008ceb\" data-element_type=\"widget\" data-widget_type=\"text-editor.default\">\n\t\t\t\t<div class=\"elementor-widget-container\">\n\t\t\t\t\t\t\t\t\t<p>F\u00f2rums<\/p>\t\t\t\t\t\t\t\t<\/div>\n\t\t\t\t<\/div>\n\t\t\t\t<div class=\"elementor-element elementor-element-97e7170 elementor-widget elementor-widget-text-editor\" data-id=\"97e7170\" data-element_type=\"widget\" data-widget_type=\"text-editor.default\">\n\t\t\t\t<div class=\"elementor-widget-container\">\n\t\t\t\t\t\t\t\t\t<p>Aux\u00edlia Val\u00e8ncia \u00e9s una de les delegacions de l'Associaci\u00f3 Aux\u00edlia, entitat nacional amb delegacions a Madrid, Barcelona, Sevilla, M\u00farcia, Monforte de Lemos, Lugo i Zamora.<\/p>\t\t\t\t\t\t\t\t<\/div>\n\t\t\t\t<\/div>\n\t\t\t\t\t<\/div>\n\t\t<\/div>\n\t\t\t\t<div class=\"elementor-column elementor-col-16 elementor-top-column elementor-element elementor-element-59093b6a\" data-id=\"59093b6a\" data-element_type=\"column\">\n\t\t\t<div class=\"elementor-widget-wrap\">\n\t\t\t\t\t\t\t<\/div>\n\t\t<\/div>\n\t\t\t\t\t<\/div>\n\t\t<\/section>\n\t\t\t\t<section class=\"elementor-section elementor-top-section elementor-element elementor-element-1b6bfae elementor-section-boxed elementor-section-height-default elementor-section-height-default\" data-id=\"1b6bfae\" data-element_type=\"section\">\n\t\t\t\t\t\t<div class=\"elementor-container elementor-column-gap-default\">\n\t\t\t\t\t<div class=\"elementor-column elementor-col-100 elementor-top-column elementor-element elementor-element-c6f6f69\" data-id=\"c6f6f69\" data-element_type=\"column\">\n\t\t\t<div class=\"elementor-widget-wrap elementor-element-populated\">\n\t\t\t\t\t\t<div class=\"elementor-element elementor-element-c38bab0 elementor-posts--align-center elementor-grid-3 elementor-grid-tablet-2 elementor-grid-mobile-1 elementor-posts--thumbnail-top elementor-card-shadow-yes elementor-posts__hover-gradient elementor-widget elementor-widget-posts\" data-id=\"c38bab0\" data-element_type=\"widget\" data-settings=\"{&quot;cards_columns&quot;:&quot;3&quot;,&quot;cards_columns_tablet&quot;:&quot;2&quot;,&quot;cards_columns_mobile&quot;:&quot;1&quot;,&quot;cards_row_gap&quot;:{&quot;unit&quot;:&quot;px&quot;,&quot;size&quot;:35,&quot;sizes&quot;:[]},&quot;cards_row_gap_tablet&quot;:{&quot;unit&quot;:&quot;px&quot;,&quot;size&quot;:&quot;&quot;,&quot;sizes&quot;:[]},&quot;cards_row_gap_mobile&quot;:{&quot;unit&quot;:&quot;px&quot;,&quot;size&quot;:&quot;&quot;,&quot;sizes&quot;:[]}}\" data-widget_type=\"posts.cards\">\n\t\t\t\t<div class=\"elementor-widget-container\">\n\t\t\t\t\t\t\t<div class=\"elementor-posts-container elementor-posts elementor-posts--skin-cards elementor-grid\" role=\"list\">\n\t\t\t\t<article class=\"elementor-post elementor-grid-item post-1954 post type-post status-publish format-standard has-post-thumbnail hentry category-actualidad\" role=\"listitem\">\n\t\t\t<div class=\"elementor-post__card\">\n\t\t\t\t<a class=\"elementor-post__thumbnail__link\" href=\"https:\/\/auxiliavalencia.es\/va\/exito-de-las-estancias-en-sinarcas\" tabindex=\"-1\" target=\"_blank\"><div class=\"elementor-post__thumbnail\"><img fetchpriority=\"high\" decoding=\"async\" width=\"300\" height=\"225\" src=\"https:\/\/auxiliavalencia.es\/wp-content\/uploads\/2024\/12\/WhatsApp-Image-2024-10-24-at-15.07.47-300x225.jpeg\" class=\"attachment-medium size-medium wp-image-1606\" alt=\"\" srcset=\"https:\/\/auxiliavalencia.es\/wp-content\/uploads\/2024\/12\/WhatsApp-Image-2024-10-24-at-15.07.47-300x225.jpeg 300w, https:\/\/auxiliavalencia.es\/wp-content\/uploads\/2024\/12\/WhatsApp-Image-2024-10-24-at-15.07.47-1024x768.jpeg 1024w, https:\/\/auxiliavalencia.es\/wp-content\/uploads\/2024\/12\/WhatsApp-Image-2024-10-24-at-15.07.47-768x576.jpeg 768w, https:\/\/auxiliavalencia.es\/wp-content\/uploads\/2024\/12\/WhatsApp-Image-2024-10-24-at-15.07.47-1536x1152.jpeg 1536w, https:\/\/auxiliavalencia.es\/wp-content\/uploads\/2024\/12\/WhatsApp-Image-2024-10-24-at-15.07.47-16x12.jpeg 16w, https:\/\/auxiliavalencia.es\/wp-content\/uploads\/2024\/12\/WhatsApp-Image-2024-10-24-at-15.07.47.jpeg 2000w\" sizes=\"(max-width: 300px) 100vw, 300px\" \/><\/div><\/a>\n\t\t\t\t<div class=\"elementor-post__badge\">Actualitat<\/div>\n\t\t\t\t<div class=\"elementor-post__text\">\n\t\t\t\t<h3 class=\"elementor-post__title\">\n\t\t\t<a href=\"https:\/\/auxiliavalencia.es\/va\/exito-de-las-estancias-en-sinarcas\" target=\"&quot;_blank&quot;\">\n\t\t\t\t\u00c9xito de las estancias en Sinarcas\t\t\t<\/a>\n\t\t<\/h3>\n\t\t\t\t<\/div>\n\t\t\t\t\t<\/div>\n\t\t<\/article>\n\t\t\t\t<article class=\"elementor-post elementor-grid-item post-1927 post type-post status-publish format-standard has-post-thumbnail hentry category-actualidad\" role=\"listitem\">\n\t\t\t<div class=\"elementor-post__card\">\n\t\t\t\t<a class=\"elementor-post__thumbnail__link\" href=\"https:\/\/auxiliavalencia.es\/va\/%f0%9f%8c%8d-haz-voluntariado\" tabindex=\"-1\" target=\"_blank\"><div class=\"elementor-post__thumbnail\"><img decoding=\"async\" width=\"212\" height=\"300\" src=\"https:\/\/auxiliavalencia.es\/wp-content\/uploads\/2025\/09\/hazvoluntariado-212x300.jpg\" class=\"attachment-medium size-medium wp-image-1935\" alt=\"\" srcset=\"https:\/\/auxiliavalencia.es\/wp-content\/uploads\/2025\/09\/hazvoluntariado-212x300.jpg 212w, https:\/\/auxiliavalencia.es\/wp-content\/uploads\/2025\/09\/hazvoluntariado-8x12.jpg 8w, https:\/\/auxiliavalencia.es\/wp-content\/uploads\/2025\/09\/hazvoluntariado.jpg 540w\" sizes=\"(max-width: 212px) 100vw, 212px\" \/><\/div><\/a>\n\t\t\t\t<div class=\"elementor-post__badge\">Actualitat<\/div>\n\t\t\t\t<div class=\"elementor-post__text\">\n\t\t\t\t<h3 class=\"elementor-post__title\">\n\t\t\t<a href=\"https:\/\/auxiliavalencia.es\/va\/%f0%9f%8c%8d-haz-voluntariado\" target=\"&quot;_blank&quot;\">\n\t\t\t\t\ud83c\udf0d \u00a1Haz voluntariado!\t\t\t<\/a>\n\t\t<\/h3>\n\t\t\t\t<\/div>\n\t\t\t\t\t<\/div>\n\t\t<\/article>\n\t\t\t\t<article class=\"elementor-post elementor-grid-item post-1619 post type-post status-publish format-standard has-post-thumbnail hentry category-actualidad\" role=\"listitem\">\n\t\t\t<div class=\"elementor-post__card\">\n\t\t\t\t<a class=\"elementor-post__thumbnail__link\" href=\"https:\/\/auxiliavalencia.es\/va\/elementor-1619\" tabindex=\"-1\" target=\"_blank\"><div class=\"elementor-post__thumbnail\"><img decoding=\"async\" width=\"200\" height=\"300\" src=\"https:\/\/auxiliavalencia.es\/wp-content\/uploads\/2024\/12\/historiasdevida-200x300.jpg\" class=\"attachment-medium size-medium wp-image-1930\" alt=\"\" srcset=\"https:\/\/auxiliavalencia.es\/wp-content\/uploads\/2024\/12\/historiasdevida-200x300.jpg 200w, https:\/\/auxiliavalencia.es\/wp-content\/uploads\/2024\/12\/historiasdevida-683x1024.jpg 683w, https:\/\/auxiliavalencia.es\/wp-content\/uploads\/2024\/12\/historiasdevida-768x1152.jpg 768w, https:\/\/auxiliavalencia.es\/wp-content\/uploads\/2024\/12\/historiasdevida-8x12.jpg 8w, https:\/\/auxiliavalencia.es\/wp-content\/uploads\/2024\/12\/historiasdevida.jpg 900w\" sizes=\"(max-width: 200px) 100vw, 200px\" \/><\/div><\/a>\n\t\t\t\t<div class=\"elementor-post__badge\">Actualitat<\/div>\n\t\t\t\t<div class=\"elementor-post__text\">\n\t\t\t\t<h3 class=\"elementor-post__title\">\n\t\t\t<a href=\"https:\/\/auxiliavalencia.es\/va\/elementor-1619\" target=\"&quot;_blank&quot;\">\n\t\t\t\tHISTORIAS DE VIDA\t\t\t<\/a>\n\t\t<\/h3>\n\t\t\t\t<\/div>\n\t\t\t\t\t<\/div>\n\t\t<\/article>\n\t\t\t\t<article class=\"elementor-post elementor-grid-item post-1605 post type-post status-publish format-standard has-post-thumbnail hentry category-actualidad\" role=\"listitem\">\n\t\t\t<div class=\"elementor-post__card\">\n\t\t\t\t<a class=\"elementor-post__thumbnail__link\" href=\"https:\/\/auxiliavalencia.es\/va\/necesitamos-viajes-adaptados\" tabindex=\"-1\" target=\"_blank\"><div class=\"elementor-post__thumbnail\"><img fetchpriority=\"high\" decoding=\"async\" width=\"300\" height=\"225\" src=\"https:\/\/auxiliavalencia.es\/wp-content\/uploads\/2024\/12\/WhatsApp-Image-2024-10-24-at-15.07.47-300x225.jpeg\" class=\"attachment-medium size-medium wp-image-1606\" alt=\"\" srcset=\"https:\/\/auxiliavalencia.es\/wp-content\/uploads\/2024\/12\/WhatsApp-Image-2024-10-24-at-15.07.47-300x225.jpeg 300w, https:\/\/auxiliavalencia.es\/wp-content\/uploads\/2024\/12\/WhatsApp-Image-2024-10-24-at-15.07.47-1024x768.jpeg 1024w, https:\/\/auxiliavalencia.es\/wp-content\/uploads\/2024\/12\/WhatsApp-Image-2024-10-24-at-15.07.47-768x576.jpeg 768w, https:\/\/auxiliavalencia.es\/wp-content\/uploads\/2024\/12\/WhatsApp-Image-2024-10-24-at-15.07.47-1536x1152.jpeg 1536w, https:\/\/auxiliavalencia.es\/wp-content\/uploads\/2024\/12\/WhatsApp-Image-2024-10-24-at-15.07.47-16x12.jpeg 16w, https:\/\/auxiliavalencia.es\/wp-content\/uploads\/2024\/12\/WhatsApp-Image-2024-10-24-at-15.07.47.jpeg 2000w\" sizes=\"(max-width: 300px) 100vw, 300px\" \/><\/div><\/a>\n\t\t\t\t<div class=\"elementor-post__badge\">Actualitat<\/div>\n\t\t\t\t<div class=\"elementor-post__text\">\n\t\t\t\t<h3 class=\"elementor-post__title\">\n\t\t\t<a href=\"https:\/\/auxiliavalencia.es\/va\/necesitamos-viajes-adaptados\" target=\"&quot;_blank&quot;\">\n\t\t\t\tNecesitamos viajes adaptados\t\t\t<\/a>\n\t\t<\/h3>\n\t\t\t\t<\/div>\n\t\t\t\t\t<\/div>\n\t\t<\/article>\n\t\t\t\t<article class=\"elementor-post elementor-grid-item post-1440 post type-post status-publish format-standard has-post-thumbnail hentry category-actualidad\" role=\"listitem\">\n\t\t\t<div class=\"elementor-post__card\">\n\t\t\t\t<a class=\"elementor-post__thumbnail__link\" href=\"https:\/\/auxiliavalencia.es\/va\/nueva-incorporacion-y-proyecto-en-auxilia\" tabindex=\"-1\" target=\"_blank\"><div class=\"elementor-post__thumbnail\"><img loading=\"lazy\" decoding=\"async\" width=\"300\" height=\"169\" src=\"https:\/\/auxiliavalencia.es\/wp-content\/uploads\/2023\/08\/51b4e8cde8cbea4425e61f8fa8aa9019-300x169.jpeg\" class=\"attachment-medium size-medium wp-image-1448\" alt=\"\" srcset=\"https:\/\/auxiliavalencia.es\/wp-content\/uploads\/2023\/08\/51b4e8cde8cbea4425e61f8fa8aa9019-300x169.jpeg 300w, https:\/\/auxiliavalencia.es\/wp-content\/uploads\/2023\/08\/51b4e8cde8cbea4425e61f8fa8aa9019-18x10.jpeg 18w, https:\/\/auxiliavalencia.es\/wp-content\/uploads\/2023\/08\/51b4e8cde8cbea4425e61f8fa8aa9019.jpeg 768w\" sizes=\"(max-width: 300px) 100vw, 300px\" \/><\/div><\/a>\n\t\t\t\t<div class=\"elementor-post__badge\">Actualitat<\/div>\n\t\t\t\t<div class=\"elementor-post__text\">\n\t\t\t\t<h3 class=\"elementor-post__title\">\n\t\t\t<a href=\"https:\/\/auxiliavalencia.es\/va\/nueva-incorporacion-y-proyecto-en-auxilia\" target=\"&quot;_blank&quot;\">\n\t\t\t\tNueva incorporaci\u00f3n y proyecto en Auxilia.\t\t\t<\/a>\n\t\t<\/h3>\n\t\t\t\t<\/div>\n\t\t\t\t\t<\/div>\n\t\t<\/article>\n\t\t\t\t<article class=\"elementor-post elementor-grid-item post-223 post type-post status-publish format-standard has-post-thumbnail hentry category-foro category-valencia-accesible\" role=\"listitem\">\n\t\t\t<div class=\"elementor-post__card\">\n\t\t\t\t<a class=\"elementor-post__thumbnail__link\" href=\"https:\/\/auxiliavalencia.es\/va\/valencia-accesible\" tabindex=\"-1\" target=\"_blank\"><div class=\"elementor-post__thumbnail\"><img loading=\"lazy\" decoding=\"async\" width=\"300\" height=\"247\" src=\"https:\/\/auxiliavalencia.es\/wp-content\/uploads\/2020\/10\/duotone-5-300x247.png\" class=\"attachment-medium size-medium wp-image-456\" alt=\"Valencia Accesible\" srcset=\"https:\/\/auxiliavalencia.es\/wp-content\/uploads\/2020\/10\/duotone-5-300x247.png 300w, https:\/\/auxiliavalencia.es\/wp-content\/uploads\/2020\/10\/duotone-5-1024x843.png 1024w, https:\/\/auxiliavalencia.es\/wp-content\/uploads\/2020\/10\/duotone-5-768x632.png 768w, https:\/\/auxiliavalencia.es\/wp-content\/uploads\/2020\/10\/duotone-5-1536x1265.png 1536w, https:\/\/auxiliavalencia.es\/wp-content\/uploads\/2020\/10\/duotone-5.png 1920w\" sizes=\"(max-width: 300px) 100vw, 300px\" \/><\/div><\/a>\n\t\t\t\t<div class=\"elementor-post__badge\">Foro<\/div>\n\t\t\t\t<div class=\"elementor-post__text\">\n\t\t\t\t<h3 class=\"elementor-post__title\">\n\t\t\t<a href=\"https:\/\/auxiliavalencia.es\/va\/valencia-accesible\" target=\"&quot;_blank&quot;\">\n\t\t\t\tVal\u00e8ncia Accessible\t\t\t<\/a>\n\t\t<\/h3>\n\t\t\t\t<\/div>\n\t\t\t\t\t<\/div>\n\t\t<\/article>\n\t\t\t\t<\/div>\n\t\t\n\t\t\t\t\t\t<\/div>\n\t\t\t\t<\/div>\n\t\t\t\t\t<\/div>\n\t\t<\/div>\n\t\t\t\t\t<\/div>\n\t\t<\/section>\n\t\t\t\t<section class=\"elementor-section elementor-top-section elementor-element elementor-element-6f8d833d elementor-section-boxed elementor-section-height-default elementor-section-height-default\" data-id=\"6f8d833d\" data-element_type=\"section\" data-settings=\"{&quot;background_background&quot;:&quot;classic&quot;}\">\n\t\t\t\t\t\t<div class=\"elementor-container elementor-column-gap-default\">\n\t\t\t\t\t<div class=\"elementor-column elementor-col-100 elementor-top-column elementor-element elementor-element-34f99900\" data-id=\"34f99900\" data-element_type=\"column\">\n\t\t\t<div class=\"elementor-widget-wrap elementor-element-populated\">\n\t\t\t\t\t\t<section class=\"elementor-section elementor-inner-section elementor-element elementor-element-4f673b89 elementor-section-boxed elementor-section-height-default elementor-section-height-default\" data-id=\"4f673b89\" data-element_type=\"section\">\n\t\t\t\t\t\t<div class=\"elementor-container elementor-column-gap-default\">\n\t\t\t\t\t<div class=\"elementor-column elementor-col-33 elementor-inner-column elementor-element elementor-element-2b7789f8\" data-id=\"2b7789f8\" data-element_type=\"column\">\n\t\t\t<div class=\"elementor-widget-wrap elementor-element-populated\">\n\t\t\t\t\t\t<div class=\"elementor-element elementor-element-3b4ccdca elementor-widget elementor-widget-text-editor\" data-id=\"3b4ccdca\" data-element_type=\"widget\" data-widget_type=\"text-editor.default\">\n\t\t\t\t<div class=\"elementor-widget-container\">\n\t\t\t\t\t\t\t\t\t<p><span style=\"font-family: Poppins; font-size: 16px; font-style: normal; font-variant-ligatures: normal; font-variant-caps: normal; font-weight: bold; background-color: var( --e-global-color-vamtam_accent_1 ); letter-spacing: var(--vamtam-primary-font-letter-spacing-desktop,normal); text-transform: var(--vamtam-primary-font-transform,none);\">Termes i condicions<\/span><\/p>\n<p>Av\u00eds Legal<\/p>\n<p>Pol\u00edtica de privacitat<\/p>\n<p>Pol\u00edtica de cookies<\/p>\t\t\t\t\t\t\t\t<\/div>\n\t\t\t\t<\/div>\n\t\t\t\t\t<\/div>\n\t\t<\/div>\n\t\t\t\t<div class=\"elementor-column elementor-col-33 elementor-inner-column elementor-element elementor-element-4e396bb7\" data-id=\"4e396bb7\" data-element_type=\"column\">\n\t\t\t<div class=\"elementor-widget-wrap elementor-element-populated\">\n\t\t\t\t\t\t<div class=\"elementor-element elementor-element-38e7baa elementor-widget elementor-widget-text-editor\" data-id=\"38e7baa\" data-element_type=\"widget\" data-widget_type=\"text-editor.default\">\n\t\t\t\t<div class=\"elementor-widget-container\">\n\t\t\t\t\t\t\t\t\t<p><strong>Associaci\u00f3 Auxilia Valencia<\/strong><\/p>\n<p>C. de la Pilota Valenciana, 2, 46018 Valencia<\/p>\n<p>Tel. <a href=\"https:\/\/www.google.com\/search?q=auxilia+valencia&amp;oq=auxilia&amp;aqs=chrome.1.69i57j69i59j0i131i433i512j0i512j0i433j0i131i433i512j0i512j69i60.2328j0j7&amp;sourceid=chrome&amp;ie=UTF-8#\" data-dtype=\"d3ph\" data-local-attribute=\"d3ph\" data-ved=\"2ahUKEwjLnLzHsrL7AhWPYMAKHRjrBIsQkAgoAHoECDEQAw\"><span aria-label=\"Llamar al n\u00famero de tel\u00e9fono 963 82 44 49\">963 82 44 49<\/span><\/a><\/p>\n<p>valencia@auxilia.es<\/p>\t\t\t\t\t\t\t\t<\/div>\n\t\t\t\t<\/div>\n\t\t\t\t\t<\/div>\n\t\t<\/div>\n\t\t\t\t<div class=\"elementor-column elementor-col-33 elementor-inner-column elementor-element elementor-element-317475cd\" data-id=\"317475cd\" data-element_type=\"column\">\n\t\t\t<div class=\"elementor-widget-wrap elementor-element-populated\">\n\t\t\t\t\t\t<div class=\"elementor-element elementor-element-da0ff96 elementor-widget elementor-widget-text-editor\" data-id=\"da0ff96\" data-element_type=\"widget\" data-widget_type=\"text-editor.default\">\n\t\t\t\t<div class=\"elementor-widget-container\">\n\t\t\t\t\t\t\t\t\t<p><strong>Xarxes socials<\/strong><\/p>\t\t\t\t\t\t\t\t<\/div>\n\t\t\t\t<\/div>\n\t\t\t\t<div class=\"elementor-element elementor-element-3bf462ce elementor-shape-circle e-grid-align-left elementor-grid-0 elementor-widget elementor-widget-social-icons\" data-id=\"3bf462ce\" data-element_type=\"widget\" data-widget_type=\"social-icons.default\">\n\t\t\t\t<div class=\"elementor-widget-container\">\n\t\t\t\t\t\t\t<div class=\"elementor-social-icons-wrapper elementor-grid\" role=\"list\">\n\t\t\t\t\t\t\t<span class=\"elementor-grid-item\" role=\"listitem\">\n\t\t\t\t\t<a class=\"elementor-icon elementor-social-icon elementor-social-icon-facebook elementor-repeater-item-83134c3\" href=\"https:\/\/www.facebook.com\/auxilia.valencia\" target=\"_blank\">\n\t\t\t\t\t\t<span class=\"elementor-screen-only\">Facebook<\/span>\n\t\t\t\t\t\t<i aria-hidden=\"true\" class=\"fab fa-facebook\"><\/i>\t\t\t\t\t<\/a>\n\t\t\t\t<\/span>\n\t\t\t\t\t\t\t<span class=\"elementor-grid-item\" role=\"listitem\">\n\t\t\t\t\t<a class=\"elementor-icon elementor-social-icon elementor-social-icon-instagram elementor-repeater-item-6ff4bbc\" href=\"https:\/\/www.instagram.com\/auxilia.valencia\/\" target=\"_blank\">\n\t\t\t\t\t\t<span class=\"elementor-screen-only\">Instagram<\/span>\n\t\t\t\t\t\t<i aria-hidden=\"true\" class=\"fab fa-instagram\"><\/i>\t\t\t\t\t<\/a>\n\t\t\t\t<\/span>\n\t\t\t\t\t<\/div>\n\t\t\t\t\t\t<\/div>\n\t\t\t\t<\/div>\n\t\t\t\t\t<\/div>\n\t\t<\/div>\n\t\t\t\t\t<\/div>\n\t\t<\/section>\n\t\t\t\t\t<\/div>\n\t\t<\/div>\n\t\t\t\t\t<\/div>\n\t\t<\/section>\n\t\t\t\t<section class=\"elementor-section elementor-top-section elementor-element elementor-element-55832006 elementor-section-boxed elementor-section-height-default elementor-section-height-default\" data-id=\"55832006\" data-element_type=\"section\">\n\t\t\t\t\t\t<div class=\"elementor-container elementor-column-gap-default\">\n\t\t\t\t\t<div class=\"elementor-column elementor-col-100 elementor-top-column elementor-element elementor-element-3aae314\" data-id=\"3aae314\" data-element_type=\"column\">\n\t\t\t<div class=\"elementor-widget-wrap elementor-element-populated\">\n\t\t\t\t\t\t<div class=\"elementor-element elementor-element-2ebde35e elementor-widget elementor-widget-text-editor\" data-id=\"2ebde35e\" data-element_type=\"widget\" data-widget_type=\"text-editor.default\">\n\t\t\t\t<div class=\"elementor-widget-container\">\n\t\t\t\t\t\t\t\t\t<p>\u00a9 Copyright 2022\u00a0 Auxilia Valencia | Todos los derechos reservados\u00a0\u00a0<a style=\"vertical-align:middle\" \"line-height:0;\" title=\"Programaci\u00f3n web en Valencia - Oroneta Audiovisuals\" href=\"https:\/\/oronetaaudiovisuals.com\/marketing-online\/diseno-web-en-valencia\/\" rel=\"nofollow\"><img loading=\"lazy\" decoding=\"async\" title=\"dise\u00f1o web en Valencia - Oroneta Audiovisuals\" src=\"https:\/\/auxiliavalencia.es\/wp-content\/uploads\/2022\/11\/oroneta-logotipo.png\" width=\"30\" height=\"30\" \/><\/a><\/p>\t\t\t\t\t\t\t\t<\/div>\n\t\t\t\t<\/div>\n\t\t\t\t\t<\/div>\n\t\t<\/div>\n\t\t\t\t\t<\/div>\n\t\t<\/section>\n\t\t\t\t<\/div>","protected":false},"excerpt":{"rendered":"<p>Foros Auxilia Valencia es una de las delegaciones de la Asociaci\u00f3n Auxilia, entidad nacional con delegaciones en Madrid, Barcelona, Sevilla, Murcia, Monforte de Lemos, Lugo<\/p>","protected":false},"author":1,"featured_media":0,"parent":0,"menu_order":0,"comment_status":"closed","ping_status":"closed","template":"","meta":{"footnotes":""},"class_list":["post-215","page","type-page","status-publish","hentry"],"_links":{"self":[{"href":"https:\/\/auxiliavalencia.es\/va\/wp-json\/wp\/v2\/pages\/215","targetHints":{"allow":["GET"]}}],"collection":[{"href":"https:\/\/auxiliavalencia.es\/va\/wp-json\/wp\/v2\/pages"}],"about":[{"href":"https:\/\/auxiliavalencia.es\/va\/wp-json\/wp\/v2\/types\/page"}],"author":[{"embeddable":true,"href":"https:\/\/auxiliavalencia.es\/va\/wp-json\/wp\/v2\/users\/1"}],"replies":[{"embeddable":true,"href":"https:\/\/auxiliavalencia.es\/va\/wp-json\/wp\/v2\/comments?post=215"}],"version-history":[{"count":21,"href":"https:\/\/auxiliavalencia.es\/va\/wp-json\/wp\/v2\/pages\/215\/revisions"}],"predecessor-version":[{"id":1289,"href":"https:\/\/auxiliavalencia.es\/va\/wp-json\/wp\/v2\/pages\/215\/revisions\/1289"}],"wp:attachment":[{"href":"https:\/\/auxiliavalencia.es\/va\/wp-json\/wp\/v2\/media?parent=215"}],"curies":[{"name":"wp","href":"https:\/\/api.w.org\/{rel}","templated":true}]}}